{"id":3909,"date":"2024-07-24T14:01:20","date_gmt":"2024-07-24T12:01:20","guid":{"rendered":"https:\/\/hrubieszow.bernardyni.pl\/?page_id=3909"},"modified":"2024-10-01T08:25:24","modified_gmt":"2024-10-01T06:25:24","slug":"jubileusz-2","status":"publish","type":"page","link":"https:\/\/hrubieszow.bernardyni.pl\/index.php\/jubileusz-2\/","title":{"rendered":"Jubileusz"},"content":{"rendered":"\n    \n    <section class=\"u-align-left u-clearfix u-section-2\" id=\"carousel_35c3\">\n      <div class=\"u-clearfix u-sheet u-sheet-1\">\n        <h1 class=\"u-align-center u-text u-text-default u-text-1\">Matka Bo\u017ca Sokalska - od trzystu lat w koronie<br>\n        <\/h1>\n        <img decoding=\"async\" class=\"u-image u-image-contain u-image-default u-image-1\" src=\"http:\/\/hrubieszow.bernardyni.pl\/wp-content\/uploads\/2024\/10\/1727700809.jpg\" alt=\"\" data-image-width=\"624\" data-image-height=\"400\">\n        <a href=\"https:\/\/www.niedziela.pl\/artykul\/105590\/Matka-Boza-Sokalska-%E2%80%93-od-trzystu-lat-w\" class=\"u-border-1 u-border-active-palette-2-base u-border-hover-palette-1-base u-border-no-left u-border-no-right u-border-no-top u-btn u-button-style u-none u-text-palette-1-base u-btn-1\" target=\"_blank\">https:\/\/www.niedziela.pl\/artykul\/105590\/Matka-Boza-Sokalska-%E2%80%93-od-trzystu-lat-w<\/a>\n      <\/div>\n    <\/section>\n    <section class=\"u-align-left u-clearfix u-section-3\" id=\"carousel_00f0\">\n      <div class=\"u-clearfix u-sheet u-sheet-1\">\n        <h1 class=\"u-align-center u-text u-text-default u-text-1\">Zaproszenie na Msz\u0119 \u015awi\u0119t\u0105 15.09.2024<br>\n        <\/h1>\n        <img decoding=\"async\" class=\"u-image u-image-contain u-image-default u-image-1\" src=\"http:\/\/hrubieszow.bernardyni.pl\/wp-content\/uploads\/2024\/09\/TVP-Polonia.jpg\" alt=\"\" data-image-width=\"1654\" data-image-height=\"2339\">\n      <\/div>\n    <\/section>\n    <section class=\"u-align-left u-clearfix u-section-4\" id=\"carousel_1429\">\n      <div class=\"u-clearfix u-sheet u-sheet-1\">\n        <h1 class=\"u-align-center u-text u-text-default u-text-1\">Odpust zupe\u0142ny<br>\n        <\/h1>\n        <img decoding=\"async\" class=\"u-image u-image-contain u-image-default u-image-1\" src=\"http:\/\/hrubieszow.bernardyni.pl\/wp-content\/uploads\/2024\/09\/Odpust-zupeny-w-Sanktuarium-Matki-Boej-Sokalskiej.jpg\" alt=\"\" data-image-width=\"1654\" data-image-height=\"2339\">\n      <\/div>\n    <\/section>\n    <section class=\"u-align-left u-clearfix u-section-5\" id=\"carousel_f806\">\n      <div class=\"u-clearfix u-sheet u-sheet-1\">\n        <h1 class=\"u-align-center u-text u-text-default u-text-1\">Artyku\u0142y z NIEDZIELA nr. 49, 50 i 51<br>\n        <\/h1>\n        <a href=\"https:\/\/hrubieszow.bernardyni.pl\/zamosc49.pdf\" class=\"u-border-1 u-border-active-palette-2-base u-border-hover-palette-1-base u-border-no-left u-border-no-right u-border-no-top u-btn u-button-style u-none u-text-palette-1-base u-btn-1\">https:\/\/hrubieszow.bernardyni.pl\/zamosc49.pdf<\/a>\n        <a href=\"https:\/\/hrubieszow.bernardyni.pl\/zamosc50.pdf\" class=\"u-border-1 u-border-active-palette-2-base u-border-hover-palette-1-base u-border-no-left u-border-no-right u-border-no-top u-btn u-button-style u-none u-text-palette-1-base u-btn-2\">https:\/\/hrubieszow.bernardyni.pl\/zamosc50.pdf<\/a>\n        <a href=\"https:\/\/hrubieszow.bernardyni.pl\/zamosc51.pdf\" class=\"u-border-1 u-border-active-palette-2-base u-border-hover-palette-1-base u-border-no-left u-border-no-right u-border-no-top u-btn u-button-style u-none u-text-palette-1-base u-btn-3\">https:\/\/hrubieszow.bernardyni.pl\/zamosc51.pdf<\/a>\n      <\/div>\n    <\/section>\n    <section class=\"u-align-left u-clearfix u-section-6\" id=\"carousel_f4b3\">\n      <div class=\"u-clearfix u-sheet u-sheet-1\">\n        <h1 class=\"u-text u-text-default u-text-1\"> Odpust Matki Bo\u017cej Anielskiej w sanktuarium w Hrubieszowie <\/h1>\n        <a href=\"https:\/\/lublin.gosc.pl\/gal\/pokaz\/8916674.Odpust-Matki-Bozej-Anielskiej-w-sanktuarium-w-Hrubieszowie\/8#gt\" class=\"u-border-1 u-border-active-palette-2-base u-border-hover-palette-1-base u-border-no-left u-border-no-right u-border-no-top u-btn u-button-style u-none u-text-palette-1-base u-btn-1\">https:\/\/lublin.gosc.pl\/gal\/pokaz\/8916674.Odpust-Matki-Bozej-Anielskiej-w-sanktuarium-w-Hrubieszowie\/8#gt<\/a>\n      <\/div>\n    <\/section>\n    <section class=\"u-align-left u-clearfix u-section-7\" id=\"sec-0370\">\n      <div class=\"u-clearfix u-sheet u-valign-middle u-sheet-1\">\n        <h1 class=\"u-text u-text-default u-text-1\"> Bp Muskus: zawierzenie Bogu sprawdza si\u0119 w czasach kryzysu <br>\n        <\/h1>\n        <a href=\"https:\/\/www.ekai.pl\/bp-muskus-zawierzenie-bogu-sprawdza-sie-w-czasach-kryzysu\/\" class=\"u-active-none u-border-2 u-border-no-left u-border-no-right u-border-no-top u-border-palette-1-base u-bottom-left-radius-0 u-bottom-right-radius-0 u-btn u-btn-rectangle u-button-style u-hover-none u-none u-radius-0 u-top-left-radius-0 u-top-right-radius-0 u-btn-1\" target=\"_blank\">Zawierzenie Bogu w czasach kryzysu 1<\/a>\n        <a href=\"https:\/\/m.niedziela.pl\/artykul\/103907\/Bp-Muskus-zawierzenie-Bogu-sprawdza-sie-w\" class=\"u-border-1 u-border-active-palette-2-base u-border-hover-palette-1-base u-border-no-left u-border-no-right u-border-no-top u-btn u-button-style u-none u-text-palette-1-base u-btn-2\" target=\"_blank\">Zawierzenie Bogu w czasach kryzysu 2<\/a>\n      <\/div>\n    <\/section>\n    <section class=\"u-align-center u-clearfix u-lightbox u-section-8\" id=\"sec-0285\">\n      <div class=\"u-clearfix u-sheet u-sheet-1\">\n        <h1 class=\"u-text u-text-default u-text-1\">Jubileusz <br>\n        <\/h1>\n        <img decoding=\"async\" class=\"u-expanded-width u-image u-image-contain u-image-1\" src=\"http:\/\/hrubieszow.bernardyni.pl\/wp-content\/uploads\/2024\/09\/plakatdoynkimiastocz2.jpg\" data-image-width=\"2048\" data-image-height=\"1448\">\n      <\/div>\n    <\/section>\n    <section class=\"u-align-center u-clearfix u-lightbox u-section-9\" id=\"carousel_c134\">\n      <div class=\"u-clearfix u-sheet u-valign-middle u-sheet-1\">\n        <img decoding=\"async\" class=\"u-expanded-width u-image u-image-contain u-image-1\" src=\"http:\/\/hrubieszow.bernardyni.pl\/wp-content\/uploads\/2024\/08\/plakatdoynkimiastointernet-1.jpg\" data-image-width=\"2048\" data-image-height=\"1448\">\n      <\/div>\n    <\/section>\n    <section class=\"u-align-center u-clearfix u-lightbox u-section-10\" id=\"carousel_7816\">\n      <div class=\"u-clearfix u-sheet u-sheet-1\">\n        <h1 class=\"u-text u-text-default u-text-1\">Jubileusz <br>\n        <\/h1>\n        <img decoding=\"async\" class=\"u-align-center-lg u-align-center-md u-align-center-sm u-align-center-xs u-image u-image-1\" src=\"http:\/\/hrubieszow.bernardyni.pl\/wp-content\/uploads\/2024\/08\/zaproszenie.jpg\" data-image-width=\"883\" data-image-height=\"1206\">\n      <\/div>\n    <\/section>\n    <section class=\"u-align-center u-clearfix u-lightbox u-section-11\" id=\"carousel_2b72\">\n      <div class=\"u-clearfix u-sheet u-sheet-1\">\n        <img decoding=\"async\" class=\"u-align-center-lg u-align-center-md u-align-center-sm u-align-center-xs u-image u-image-1\" src=\"http:\/\/hrubieszow.bernardyni.pl\/wp-content\/uploads\/2024\/08\/MB_SokalskainternetA.jpg\" data-image-width=\"1440\" data-image-height=\"2048\">\n      <\/div>\n    <\/section>\n    <section class=\"u-align-center u-clearfix u-lightbox u-section-12\" id=\"carousel_7654\">\n      <div class=\"u-clearfix u-sheet u-sheet-1\">\n        <img decoding=\"async\" class=\"u-image u-image-1\" src=\"http:\/\/hrubieszow.bernardyni.pl\/wp-content\/uploads\/2024\/08\/Odpust-800-Greccio.jpg\" data-image-width=\"2339\" data-image-height=\"1654\">\n      <\/div>\n    <\/section>\n    <section class=\"u-align-center u-clearfix u-lightbox u-section-13\" id=\"carousel_f9c6\">\n      <div class=\"u-clearfix u-sheet u-sheet-1\">\n        <img decoding=\"async\" class=\"u-align-center-lg u-align-center-md u-align-center-sm u-align-center-xs u-image u-image-1\" src=\"http:\/\/hrubieszow.bernardyni.pl\/wp-content\/uploads\/2024\/08\/KONFERENCJAHRUBIESZWPLAKAT.jpg\" data-image-width=\"1427\" data-image-height=\"2048\">\n      <\/div>\n    <\/section>\n    <section class=\"u-align-center u-clearfix u-lightbox u-section-14\" id=\"carousel_f165\">\n      <div class=\"u-clearfix u-sheet u-sheet-1\">\n        <img decoding=\"async\" class=\"u-align-center-lg u-align-center-md u-align-center-sm u-align-center-xs u-image u-image-1\" src=\"http:\/\/hrubieszow.bernardyni.pl\/wp-content\/uploads\/2024\/08\/tvp.jpg\" data-image-width=\"679\" data-image-height=\"954\">\n      <\/div>\n    <\/section>\n    \n    \n    \n  \n","protected":false},"excerpt":{"rendered":"<p>Matka Bo\u017ca Sokalska &#8211; od trzystu lat w koronie https:\/\/www.niedziela.pl\/artykul\/105590\/Matka-Boza-Sokalska-%E2%80%93-od-trzystu-lat-w Zaproszenie na Msz\u0119 \u015awi\u0119t\u0105 15.09.2024 Odpust zupe\u0142ny Artyku\u0142y z NIEDZIELA nr. 49, 50 i 51 https:\/\/hrubieszow.bernardyni.pl\/zamosc49.pdf https:\/\/hrubieszow.bernardyni.pl\/zamosc50.pdf https:\/\/hrubieszow.bernardyni.pl\/zamosc51.pdf Odpust Matki Bo\u017cej Anielskiej w sanktuarium w Hrubieszowie https:\/\/lublin.gosc.pl\/gal\/pokaz\/8916674.Odpust-Matki-Bozej-Anielskiej-w-sanktuarium-w-Hrubieszowie\/8#gt Bp Muskus: zawierzenie Bogu sprawdza si\u0119 w czasach kryzysu Zawierzenie Bogu w czasach kryzysu 1 Zawierzenie Bogu w &hellip; <a href=\"https:\/\/hrubieszow.bernardyni.pl\/index.php\/jubileusz-2\/\" class=\"more-link\">Continue reading<span class=\"screen-reader-text\"> &#8222;Jubileusz&#8221;<\/span><\/a><\/p>\n","protected":false},"author":2,"featured_media":0,"parent":0,"menu_order":0,"comment_status":"closed","ping_status":"closed","template":"","meta":{"footnotes":""},"class_list":["post-3909","page","type-page","status-publish","hentry"],"_links":{"self":[{"href":"https:\/\/hrubieszow.bernardyni.pl\/index.php\/wp-json\/wp\/v2\/pages\/3909","targetHints":{"allow":["GET"]}}],"collection":[{"href":"https:\/\/hrubieszow.bernardyni.pl\/index.php\/wp-json\/wp\/v2\/pages"}],"about":[{"href":"https:\/\/hrubieszow.bernardyni.pl\/index.php\/wp-json\/wp\/v2\/types\/page"}],"author":[{"embeddable":true,"href":"https:\/\/hrubieszow.bernardyni.pl\/index.php\/wp-json\/wp\/v2\/users\/2"}],"replies":[{"embeddable":true,"href":"https:\/\/hrubieszow.bernardyni.pl\/index.php\/wp-json\/wp\/v2\/comments?post=3909"}],"version-history":[{"count":0,"href":"https:\/\/hrubieszow.bernardyni.pl\/index.php\/wp-json\/wp\/v2\/pages\/3909\/revisions"}],"wp:attachment":[{"href":"https:\/\/hrubieszow.bernardyni.pl\/index.php\/wp-json\/wp\/v2\/media?parent=3909"}],"curies":[{"name":"wp","href":"https:\/\/api.w.org\/{rel}","templated":true}]}}